{"id":38,"date":"2012-04-23T12:54:04","date_gmt":"2012-04-23T12:54:04","guid":{"rendered":"http:\/\/www.voyageurs-citoyens.fr\/?page_id=38"},"modified":"2012-07-10T09:27:12","modified_gmt":"2012-07-10T09:27:12","slug":"des-carnets-et-de-leurs-usages","status":"publish","type":"page","link":"https:\/\/www.voyageurs-citoyens.fr\/?page_id=38","title":{"rendered":"Des carnets et de leurs usages"},"content":{"rendered":"<div id=\"lipsum\">\n<p style=\"text-align: justify;\"><strong>A partir de la mise en place des carnets anthropom\u00e9trique, les familles \u00ab nomades \u00bb vivent en permanence sous le regard de la police.<\/strong><br \/>\nToute personne de plus de 13 ans est tenue d\u2019avoir en permanence ce document sous peine de prison.Ce carnet anthropom\u00e9trique individuel compte plus de 120 pages. Il a un double\u00a0 objectif l\u2019identification des personnes et le contr\u00f4le de leur circulation.<\/p>\n<div id=\"attachment_167\" style=\"width: 594px\" class=\"wp-caption aligncenter\"><a href=\"http:\/\/www.voyageurs-citoyens.fr\/wp-content\/uploads\/2012\/04\/2555865.jpg\"><img loading=\"lazy\" decoding=\"async\" aria-describedby=\"caption-attachment-167\" class=\"size-large wp-image-167\" title=\"2555865\" src=\"http:\/\/www.voyageurs-citoyens.fr\/wp-content\/uploads\/2012\/04\/2555865-1024x473.jpg\" alt=\"\" width=\"584\" height=\"269\" srcset=\"https:\/\/www.voyageurs-citoyens.fr\/wp-content\/uploads\/2012\/04\/2555865-1024x473.jpg 1024w, https:\/\/www.voyageurs-citoyens.fr\/wp-content\/uploads\/2012\/04\/2555865-300x139.jpg 300w, https:\/\/www.voyageurs-citoyens.fr\/wp-content\/uploads\/2012\/04\/2555865-500x231.jpg 500w\" sizes=\"auto, (max-width: 584px) 100vw, 584px\" \/><\/a><p id=\"caption-attachment-167\" class=\"wp-caption-text\">Couverture et pages int\u00e9rieures du carnet anthropom\u00e9trique collectif de la famille Gimenez, d\u00e9livr\u00e9 par la pr\u00e9fecture de Haute-Garonne en 1932. Il a \u00e9t\u00e9 retrouv\u00e9 dans les archives du camp d\u2019internement de Saliers. (Archives d\u00e9partementales des Bouches-du-Rh\u00f4ne, Marseille)<\/p><\/div>\n<p style=\"text-align: justify;\">L\u2019identification s\u2019op\u00e8re par\u00a0 la photographie (face et profil) et la description physique d\u00e9taill\u00e9e :<br \/>\nHauteur de la taille, mensurations du buste, dimensions du dos, diam\u00e8tre Bizygomatique (largeur du visage), et de la base du nez, envergure, longueur et\u00a0 largeur de la t\u00eate, longueur de l\u2019oreille droite,\u00a0 longueur des doigts m\u00e9dius et auriculaire gauches, coud\u00e9e gauche, pied gauche, couleur de l\u2019iris gauche (aur\u00e9ole, p\u00e9riph\u00e9rie etc.), description des cheveux, de la barbe, pigmentation et sanguinolence du teint,\u00a0 \u00e2ge apparent ainsi que les empreintes digitales.<\/p>\n<p style=\"text-align: justify;\"><a href=\"http:\/\/www.criminocorpus.cnrs.fr\/bertillon\/ressources\/doc_projet_bertillon_mesure_nomades.html  \">\u00ab Comment on mesure les nomades \u00bb, Le Matin ,12 d\u00e9cembre 1913 (source Criminocorpus)<\/a><br \/>\nLe carnet individuel comporte \u00e9galement des renseignements sanitaires et mesures prophylactiques auxquels sont soumis les \u00ab nomades \u00bb suspect\u00e9s de v\u00e9hiculer microbes et maladies.L&rsquo;attribution du carnet \u00ab\u00a0forain\u00a0\u00bb ou du carnet anthropom\u00e9trique \u00ab\u00a0nomade\u00a0\u00bb par l&rsquo;administration s&rsquo;\u00e9tablit parfois sur des crit\u00e8res arbitraires comme en t\u00e9moigne<a href=\"http:\/\/www.voyageurs-citoyens.fr\/?page_id=67\"> Raymond Gur\u00eame<\/a>.Le carnet \u00ab\u00a0nomade\u00a0\u00bb est disqualifiant et certains tentent d\u2019y \u00e9chapper comme le montrent \u00a0les courriers pr\u00e9sent\u00e9s dans l\u2019extrait du \u00a0catalogue de l\u2019exposition <a href=\"http:\/\/www.voyageurs-citoyens.fr\/wp-content\/uploads\/2012\/05\/Catalogue-expo-vos-papiers-HD-p16-\u00e0-23-.pdf\">\u00ab\u00a0Vos Papiers SVP\u00a0\u00bb des Archives d\u00e9partementales des Alpes-de-Haute-Provence.<\/a><br \/>\n<strong>Les autorit\u00e9s peuvent suivre les \u00ab nomades \u00bb au jour le jour<\/strong><br \/>\nLe contr\u00f4le des d\u00e9placements se fait \u00e0 la gendarmerie, la police o\u00f9 le cas \u00e9ch\u00e9ant \u00e0 la mairie.Tout carnet individuel doit \u00eatre vis\u00e9 \u00e0 chaque entr\u00e9e et \u00e0 chaque sortie du territoire de la commune avec mention du jour de la date et de l\u2019heure.<br \/>\nLe contr\u00f4le des nomades s\u2019op\u00e8re de surcro\u00eet au travers du carnet collectif que tout chef de famille doit avoir en sa possession. Y figure l\u2019identification des tous les membres de la famille dont les enfants \u00e0 partir de l\u2019\u00e2ge de deux ans. Lors des contr\u00f4les qui peuvent \u00eatre quotidiens, tous les membres figurant sur le carnet doivent \u00eatre pr\u00e9sents.<br \/>\nLes roulottes doivent \u00e9galement \u00eatre identifiables. Tout v\u00e9hicule doit en effet comporter une plaque d\u2019immatriculation comprenant un n\u00b0 individuel et la mention \u00ab loi du 16 juillet 1912 \u00bb les rendant ainsi imm\u00e9diatement rep\u00e9rables par la police et la gendarmerie.<\/p>\n<p style=\"text-align: justify;\"><strong>L\u2019administration organise le fichage des donn\u00e9es<\/strong><br \/>\nL\u2019\u00e9mission des carnets est assortie de notices conserv\u00e9es par l\u2019administration. Chaque modification sur un carnet fait l\u2019objet d\u2019une nouvelle notice. Pour le carnet individuel, les notices sont conserv\u00e9es dans les pr\u00e9fectures et sous pr\u00e9fectures et un duplicata est d\u00e9pos\u00e9 \u00e0 la direction de la S\u00fbret\u00e9 g\u00e9n\u00e9rale. Il en est de m\u00eame pour les carnets collectifs.<br \/>\nLIRE :<a href=\"http:\/\/www.fnasat.asso.fr\/dossiers%20docs\/fichage\/Bordigoni%20ET%20n%B026%20p.%2086-89.pdf\"><br \/>\nBORDIGONI Marc. \u00ab Un souvenir des carnets et de leurs usages \u00bb<\/a>, in Etudes Tsiganes, n\u00b026, 2006, pp. 86-89<\/p>\n<p style=\"text-align: justify;\"><a href=\"http:\/\/www.voyageurs-citoyens.fr\/wp-content\/uploads\/2012\/07\/ADELE-SUTRE-La-mobilit\u00e9-boh\u00e9mienne-\u00e0-travers-les-carnets-anthropom\u00e9triques.pdf\">SUTRE Ad\u00e8le.<strong> \u00ab\u00a0<\/strong>La mobilit\u00e9 boh\u00e9mienne \u00e0 travers les carnets anthropom\u00e9triques\u00a0\u00bb in \u00ab\u00a0Les Boh\u00e9miens du pays\u00a0\u00bb. Une inscription territoriale des Boh\u00e9miens dans le Sud-Ouest de la France au XIX\u00e8me et au d\u00e9but du XX\u00e8me si\u00e8cle, M\u00e9moire de Master 2 ,EHESS, 2010<\/a><\/p>\n<\/div>\n","protected":false},"excerpt":{"rendered":"<p>A partir de la mise en place des carnets anthropom\u00e9trique, les familles \u00ab nomades \u00bb vivent en permanence sous le regard de la police. Toute personne de plus de 13 ans est tenue d\u2019avoir en permanence ce document sous peine &hellip; <a href=\"https:\/\/www.voyageurs-citoyens.fr\/?page_id=38\">Continuer la lecture <span class=\"meta-nav\">&rarr;<\/span><\/a><\/p>\n","protected":false},"author":1,"featured_media":0,"parent":17,"menu_order":3,"comment_status":"open","ping_status":"open","template":"","meta":{"ngg_post_thumbnail":0,"footnotes":""},"class_list":["post-38","page","type-page","status-publish","hentry"],"_links":{"self":[{"href":"https:\/\/www.voyageurs-citoyens.fr\/index.php?rest_route=\/wp\/v2\/pages\/38","targetHints":{"allow":["GET"]}}],"collection":[{"href":"https:\/\/www.voyageurs-citoyens.fr\/index.php?rest_route=\/wp\/v2\/pages"}],"about":[{"href":"https:\/\/www.voyageurs-citoyens.fr\/index.php?rest_route=\/wp\/v2\/types\/page"}],"author":[{"embeddable":true,"href":"https:\/\/www.voyageurs-citoyens.fr\/index.php?rest_route=\/wp\/v2\/users\/1"}],"replies":[{"embeddable":true,"href":"https:\/\/www.voyageurs-citoyens.fr\/index.php?rest_route=%2Fwp%2Fv2%2Fcomments&post=38"}],"version-history":[{"count":22,"href":"https:\/\/www.voyageurs-citoyens.fr\/index.php?rest_route=\/wp\/v2\/pages\/38\/revisions"}],"predecessor-version":[{"id":115,"href":"https:\/\/www.voyageurs-citoyens.fr\/index.php?rest_route=\/wp\/v2\/pages\/38\/revisions\/115"}],"up":[{"embeddable":true,"href":"https:\/\/www.voyageurs-citoyens.fr\/index.php?rest_route=\/wp\/v2\/pages\/17"}],"wp:attachment":[{"href":"https:\/\/www.voyageurs-citoyens.fr\/index.php?rest_route=%2Fwp%2Fv2%2Fmedia&parent=38"}],"curies":[{"name":"wp","href":"https:\/\/api.w.org\/{rel}","templated":true}]}}